{"id":6227,"date":"2026-04-02T08:00:19","date_gmt":"2026-04-02T06:00:19","guid":{"rendered":"https:\/\/chambleau.ch\/?post_type=product&#038;p=6227"},"modified":"2026-04-16T09:54:13","modified_gmt":"2026-04-16T07:54:13","slug":"la-reserve-du-domaine","status":"publish","type":"product","link":"https:\/\/chambleau.ch\/de\/wein\/la-reserve-du-domaine\/","title":{"rendered":"La R\u00e9serve du Domaine"},"content":{"rendered":"<section class=\"text-token-text-primary w-full focus:outline-none [--shadow-height:45px] has-data-writing-block:pointer-events-none has-data-writing-block:-mt-(--shadow-height) has-data-writing-block:pt-(--shadow-height) [&amp;:has([data-writing-block])&gt;*]:pointer-events-auto scroll-mt-(--header-height)\" dir=\"auto\" data-turn-id=\"67bfef6a-df55-4ff3-9fa6-e8e0b581413c\" data-testid=\"conversation-turn-7\" data-scroll-anchor=\"false\" data-turn=\"user\">\n<div class=\"text-base my-auto mx-auto pt-12 [--thread-content-margin:var(--thread-content-margin-xs,calc(var(--spacing)*4))] @w-sm\/main:[--thread-content-margin:var(--thread-content-margin-sm,calc(var(--spacing)*6))] @w-lg\/main:[--thread-content-margin:var(--thread-content-margin-lg,calc(var(--spacing)*16))] px-(--thread-content-margin)\">\n<div class=\"[--thread-content-max-width:40rem] @w-lg\/main:[--thread-content-max-width:48rem] mx-auto max-w-(--thread-content-max-width) flex-1 group\/turn-messages focus-visible:outline-hidden relative flex w-full min-w-0 flex-col\">\n<div class=\"flex max-w-full flex-col gap-4 grow\">\n<div class=\"min-h-8 text-message relative flex w-full flex-col items-end gap-2 text-start break-words whitespace-normal outline-none keyboard-focused:focus-ring [.text-message+&amp;]:mt-1\" dir=\"auto\" data-message-author-role=\"user\" data-message-id=\"67bfef6a-df55-4ff3-9fa6-e8e0b581413c\">\n<div class=\"flex w-full flex-col gap-1 empty:hidden items-end rtl:items-start\">\n<div class=\"user-message-bubble-color corner-superellipse\/0.98 relative rounded-[22px] px-4 py-2.5 leading-6 max-w-(--user-chat-width,70%)\">\n<div class=\"whitespace-pre-wrap\">Diese exklusive Auswahl von sechs Flaschen wird in einer limitierten Auflage von 100 Kisten angeboten, wobei pro Person maximal eine Kiste erh\u00e4ltlich ist.<\/div>\n<h3><\/h3>\n<div class=\"whitespace-pre-wrap\"><i>Die Weissen<\/i><\/div>\n<\/div>\n<\/div>\n<\/div>\n<\/div>\n<\/div>\n<\/div>\n<\/section>\n<ul>\n<li><strong>Blanche Loye 2023<\/strong>, Ein nach traditioneller Methode ausgebauter Chasselas, der sich durch Rundheit und eine zarte Struktur auszeichnet<\/li>\n<li><strong>Chardonnay 2020<\/strong>, kraftvoll und harmonisch, mit komplexen Aromen von ger\u00f6steten Haseln\u00fcssen und Brioche sowie holzigen Nuancen<\/li>\n<\/ul>\n<p><em>Die\u00a0Roten<\/em><\/p>\n<ul>\n<li><strong>Pinot Noir Cuv\u00e9e Charlotte 2024<\/strong>, fruchtig und elegant, mit viel Frische und Noten von roten Fr\u00fcchten<\/li>\n<li><strong>Pinot Noir La Gavotte 2022<\/strong>, charaktervoller Lagenwein mit dunklen Fr\u00fcchten, Gew\u00fcrznoten und pr\u00e4senten Tanninen<\/li>\n<li><strong>Pinot Noir Les Bovardes 2021,<\/strong> feiner Lagenwein mit klarer Frucht und weichen Tanninen<\/li>\n<li><strong>Pinot Noir Pur Sang 2021<\/strong>, die konzentrierteste Cuv\u00e9e des Weinguts, kraftvoll und zugleich fein mit viel Komplexit\u00e4t<\/li>\n<\/ul>\n<p>Jede Cuv\u00e9e wurde ein Jahr lang in Eichenholz ausgebaut, bevor sie in Flaschen abgef\u00fcllt wurde. Die F\u00e4sser wurden sorgf\u00e4ltig ausgew\u00e4hlt, um jede Rebsorte optimal zur Geltung zu bringen: Chardonnay und Pinot Noir in 225-Liter-Barriques und der Chasselas in F\u00e4ssern von 400 bis 600 Litern.<\/p>\n<p>Dieses Sortiment feiert mehr als zwei Jahrzehnte Leidenschaft und Arbeit seit der Gr\u00fcndung unseres Weinguts im Jahr 2006 und bietet die M\u00f6glichkeit, aussergew\u00f6hnliche Weine jetzt zu geniessen oder sie weiter reifen zu lassen, um ihre ganze Komplexit\u00e4t zu entdecken.<\/p>\n<p><em>Abholung im Weingut oder Lieferung ist ab dem 20. April m\u00f6glich.<\/em><\/p>\n","protected":false},"excerpt":{"rendered":"<p data-start=\"80\" data-end=\"111\"><strong data-start=\"80\" data-end=\"111\">Warme und sonnige Jahrg\u00e4nge<\/strong><\/p>\n<p data-start=\"113\" data-end=\"321\"><strong data-start=\"113\" data-end=\"147\">2020 \u2013 Licht und Konzentration<\/strong><br data-start=\"147\" data-end=\"150\" \/>Ein warmes und g\u00fcnstiges Jahr, das perfekt gereifte Trauben hervorbrachte. Die Weine pr\u00e4sentieren sich vollmundig, strukturiert und aromatisch, mit einer bemerkenswerten Tiefe.<\/p>\n<p data-start=\"323\" data-end=\"714\"><strong data-start=\"323\" data-end=\"357\">2022 \u2013 Sonnenverw\u00f6hnte Trauben<\/strong><br data-start=\"357\" data-end=\"360\" \/>Ein sehr sonniges und fr\u00fches Jahr mit einem warmen und trockenen Sommer. Die Regenf\u00e4lle im August brachten leicht konzentrierte Trauben hervor, was zu sehr intensiven Weinen mit reifen Fruchtaromen f\u00fchrte. Es ist auch der erste Jahrgang, in dem Charlotte ihre Handschrift in die Vinifikation einbringt und unseren Weinen mehr Finesse und Genuss verleiht.<\/p>\n<p data-start=\"716\" data-end=\"1039\"><strong data-start=\"716\" data-end=\"755\">2023 \u2013 \u00abJahrgang des Jahrhunderts\u00bb?<\/strong><br data-start=\"755\" data-end=\"758\" \/>Ein ideales, warmes und grossz\u00fcgiges Jahr mit perfekten Bedingungen vom Fr\u00fchling bis zur Lese. Die Weine zeichnen sich durch ihre Balance aus : Frische als roter Faden, kombiniert mit sch\u00f6ner Rundheit. Die fruchtigen Aromen machen diesen Jahrgang besonders zug\u00e4nglich und genussvoll.<\/p>\n<h3 data-start=\"716\" data-end=\"1039\"><\/h3>\n<p>&nbsp;<\/p>\n<p data-start=\"1046\" data-end=\"1081\"><strong data-start=\"1046\" data-end=\"1081\">Frische und spannende Jahrg\u00e4nge<\/strong><\/p>\n<p data-start=\"1083\" data-end=\"1371\"><strong data-start=\"1083\" data-end=\"1123\">2021 \u2013 Ein Jahrgang voller Emotionen<\/strong><br data-start=\"1123\" data-end=\"1126\" \/>Ein k\u00fchles und sehr feuchtes Jahr, das viel Sorgfalt im Weinberg verlangte. Die Weine sind frisch, elegant und zeigen eine klare Spannung mit gutem Lagerpotenzial. Der Ertrag war insgesamt gering, da bei der Lese streng selektiert werden musste.<\/p>\n<p data-start=\"1373\" data-end=\"1692\"><strong data-start=\"1373\" data-end=\"1406\">2024 \u2013 Der grosse Nervenkitzel<\/strong><br data-start=\"1406\" data-end=\"1409\" \/>Ein anspruchsvoller Jahrgang, gepr\u00e4gt von Fr\u00fchlingsfrost und einer feuchten, wechselhaften Saison. Dank Geduld und Aufmerksamkeit des Teams konnten die Trauben dennoch gut ausreifen. Die Weine sind pr\u00e4zise und elegant, im Stil \u00e4hnlich wie 2021 und sehr gut f\u00fcr die Lagerung geeignet.<\/p>\n","protected":false},"featured_media":4834,"template":"","meta":{"_acf_changed":false},"product_brand":[],"product_cat":[24],"product_tag":[],"class_list":{"0":"post-6227","1":"product","2":"type-product","3":"status-publish","4":"has-post-thumbnail","6":"product_cat-uncategorized-de","7":"product_shipping_class-bouteilles-de-vin","9":"first","10":"instock","11":"sold-individually","12":"taxable","13":"shipping-taxable","14":"purchasable","15":"product-type-simple"},"acf":[],"yoast_head":"<!-- This site is optimized with the Yoast SEO plugin v27.5 - https:\/\/yoast.com\/product\/yoast-seo-wordpress\/ -->\n<title>La R\u00e9serve du Domaine | Domaine de Chambleau<\/title>\n<meta name=\"robots\" content=\"index, follow, max-snippet:-1, max-image-preview:large, max-video-preview:-1\" \/>\n<link rel=\"canonical\" href=\"https:\/\/chambleau.ch\/de\/wein\/la-reserve-du-domaine\/\" \/>\n<meta property=\"og:locale\" content=\"de_DE\" \/>\n<meta property=\"og:type\" content=\"article\" \/>\n<meta property=\"og:title\" content=\"La R\u00e9serve du Domaine | Domaine de Chambleau\" \/>\n<meta property=\"og:description\" content=\"Warme und sonnige Jahrg\u00e4nge 2020 \u2013 Licht und KonzentrationEin warmes und g\u00fcnstiges Jahr, das perfekt gereifte Trauben hervorbrachte. Die Weine pr\u00e4sentieren sich vollmundig, strukturiert und aromatisch, mit einer bemerkenswerten Tiefe. 2022 \u2013 Sonnenverw\u00f6hnte TraubenEin sehr sonniges und fr\u00fches Jahr mit einem warmen und trockenen Sommer. Die Regenf\u00e4lle im August brachten leicht konzentrierte Trauben hervor, was zu sehr intensiven Weinen mit reifen Fruchtaromen f\u00fchrte. Es ist auch der erste Jahrgang, in dem Charlotte ihre Handschrift in die Vinifikation einbringt und unseren Weinen mehr Finesse und Genuss verleiht. 2023 \u2013 \u00abJahrgang des Jahrhunderts\u00bb?Ein ideales, warmes und grossz\u00fcgiges Jahr mit perfekten Bedingungen vom Fr\u00fchling bis zur Lese. Die Weine zeichnen sich durch ihre Balance aus : Frische als roter Faden, kombiniert mit sch\u00f6ner Rundheit. Die fruchtigen Aromen machen diesen Jahrgang besonders zug\u00e4nglich und genussvoll.   &nbsp; Frische und spannende Jahrg\u00e4nge 2021 \u2013 Ein Jahrgang voller EmotionenEin k\u00fchles und sehr feuchtes Jahr, das viel Sorgfalt im Weinberg verlangte. Die Weine sind frisch, elegant und zeigen eine klare Spannung mit gutem Lagerpotenzial. Der Ertrag war insgesamt gering, da bei der Lese streng selektiert werden musste. 2024 \u2013 Der grosse NervenkitzelEin anspruchsvoller Jahrgang, gepr\u00e4gt von Fr\u00fchlingsfrost und einer feuchten, wechselhaften Saison. Dank Geduld und Aufmerksamkeit des Teams konnten die Trauben dennoch gut ausreifen. Die Weine sind pr\u00e4zise und elegant, im Stil \u00e4hnlich wie 2021 und sehr gut f\u00fcr die Lagerung geeignet.\" \/>\n<meta property=\"og:url\" content=\"https:\/\/chambleau.ch\/de\/wein\/la-reserve-du-domaine\/\" \/>\n<meta property=\"og:site_name\" content=\"Domaine de Chambleau\" \/>\n<meta property=\"article:publisher\" content=\"https:\/\/www.facebook.com\/chambleau\/\" \/>\n<meta property=\"article:modified_time\" content=\"2026-04-16T07:54:13+00:00\" \/>\n<meta property=\"og:image\" content=\"https:\/\/chambleau.ch\/wp-content\/uploads\/2023\/11\/10088_CHA_caisse_ouverte_vins-scaled.jpg\" \/>\n\t<meta property=\"og:image:width\" content=\"2048\" \/>\n\t<meta property=\"og:image:height\" content=\"1536\" \/>\n\t<meta property=\"og:image:type\" content=\"image\/jpeg\" \/>\n<meta name=\"twitter:card\" content=\"summary_large_image\" \/>\n<meta name=\"twitter:label1\" content=\"Gesch\u00e4tzte Lesezeit\" \/>\n\t<meta name=\"twitter:data1\" content=\"2\u00a0Minuten\" \/>\n<script type=\"application\/ld+json\" class=\"yoast-schema-graph\">{\"@context\":\"https:\\\/\\\/schema.org\",\"@graph\":[{\"@type\":\"WebPage\",\"@id\":\"https:\\\/\\\/chambleau.ch\\\/de\\\/wein\\\/la-reserve-du-domaine\\\/\",\"url\":\"https:\\\/\\\/chambleau.ch\\\/de\\\/wein\\\/la-reserve-du-domaine\\\/\",\"name\":\"La R\u00e9serve du Domaine | Domaine de Chambleau\",\"isPartOf\":{\"@id\":\"https:\\\/\\\/chambleau.ch\\\/de\\\/#website\"},\"primaryImageOfPage\":{\"@id\":\"https:\\\/\\\/chambleau.ch\\\/de\\\/wein\\\/la-reserve-du-domaine\\\/#primaryimage\"},\"image\":{\"@id\":\"https:\\\/\\\/chambleau.ch\\\/de\\\/wein\\\/la-reserve-du-domaine\\\/#primaryimage\"},\"thumbnailUrl\":\"https:\\\/\\\/chambleau.ch\\\/wp-content\\\/uploads\\\/2023\\\/11\\\/10088_CHA_caisse_ouverte_vins-scaled.jpg\",\"datePublished\":\"2026-04-02T06:00:19+00:00\",\"dateModified\":\"2026-04-16T07:54:13+00:00\",\"breadcrumb\":{\"@id\":\"https:\\\/\\\/chambleau.ch\\\/de\\\/wein\\\/la-reserve-du-domaine\\\/#breadcrumb\"},\"inLanguage\":\"de\",\"potentialAction\":[{\"@type\":\"ReadAction\",\"target\":[\"https:\\\/\\\/chambleau.ch\\\/de\\\/wein\\\/la-reserve-du-domaine\\\/\"]}]},{\"@type\":\"ImageObject\",\"inLanguage\":\"de\",\"@id\":\"https:\\\/\\\/chambleau.ch\\\/de\\\/wein\\\/la-reserve-du-domaine\\\/#primaryimage\",\"url\":\"https:\\\/\\\/chambleau.ch\\\/wp-content\\\/uploads\\\/2023\\\/11\\\/10088_CHA_caisse_ouverte_vins-scaled.jpg\",\"contentUrl\":\"https:\\\/\\\/chambleau.ch\\\/wp-content\\\/uploads\\\/2023\\\/11\\\/10088_CHA_caisse_ouverte_vins-scaled.jpg\",\"width\":2048,\"height\":1536},{\"@type\":\"BreadcrumbList\",\"@id\":\"https:\\\/\\\/chambleau.ch\\\/de\\\/wein\\\/la-reserve-du-domaine\\\/#breadcrumb\",\"itemListElement\":[{\"@type\":\"ListItem\",\"position\":1,\"name\":\"Accueil\",\"item\":\"https:\\\/\\\/chambleau.ch\\\/de\\\/\"},{\"@type\":\"ListItem\",\"position\":2,\"name\":\"La R\u00e9serve du Domaine\"}]},{\"@type\":\"WebSite\",\"@id\":\"https:\\\/\\\/chambleau.ch\\\/de\\\/#website\",\"url\":\"https:\\\/\\\/chambleau.ch\\\/de\\\/\",\"name\":\"Domaine de Chambleau\",\"description\":\"\",\"potentialAction\":[{\"@type\":\"SearchAction\",\"target\":{\"@type\":\"EntryPoint\",\"urlTemplate\":\"https:\\\/\\\/chambleau.ch\\\/de\\\/?s={search_term_string}\"},\"query-input\":{\"@type\":\"PropertyValueSpecification\",\"valueRequired\":true,\"valueName\":\"search_term_string\"}}],\"inLanguage\":\"de\"}]}<\/script>\n<!-- \/ Yoast SEO plugin. -->","yoast_head_json":{"title":"La R\u00e9serve du Domaine | Domaine de Chambleau","robots":{"index":"index","follow":"follow","max-snippet":"max-snippet:-1","max-image-preview":"max-image-preview:large","max-video-preview":"max-video-preview:-1"},"canonical":"https:\/\/chambleau.ch\/de\/wein\/la-reserve-du-domaine\/","og_locale":"de_DE","og_type":"article","og_title":"La R\u00e9serve du Domaine | Domaine de Chambleau","og_description":"Warme und sonnige Jahrg\u00e4nge 2020 \u2013 Licht und KonzentrationEin warmes und g\u00fcnstiges Jahr, das perfekt gereifte Trauben hervorbrachte. Die Weine pr\u00e4sentieren sich vollmundig, strukturiert und aromatisch, mit einer bemerkenswerten Tiefe. 2022 \u2013 Sonnenverw\u00f6hnte TraubenEin sehr sonniges und fr\u00fches Jahr mit einem warmen und trockenen Sommer. Die Regenf\u00e4lle im August brachten leicht konzentrierte Trauben hervor, was zu sehr intensiven Weinen mit reifen Fruchtaromen f\u00fchrte. Es ist auch der erste Jahrgang, in dem Charlotte ihre Handschrift in die Vinifikation einbringt und unseren Weinen mehr Finesse und Genuss verleiht. 2023 \u2013 \u00abJahrgang des Jahrhunderts\u00bb?Ein ideales, warmes und grossz\u00fcgiges Jahr mit perfekten Bedingungen vom Fr\u00fchling bis zur Lese. Die Weine zeichnen sich durch ihre Balance aus : Frische als roter Faden, kombiniert mit sch\u00f6ner Rundheit. Die fruchtigen Aromen machen diesen Jahrgang besonders zug\u00e4nglich und genussvoll.   &nbsp; Frische und spannende Jahrg\u00e4nge 2021 \u2013 Ein Jahrgang voller EmotionenEin k\u00fchles und sehr feuchtes Jahr, das viel Sorgfalt im Weinberg verlangte. Die Weine sind frisch, elegant und zeigen eine klare Spannung mit gutem Lagerpotenzial. Der Ertrag war insgesamt gering, da bei der Lese streng selektiert werden musste. 2024 \u2013 Der grosse NervenkitzelEin anspruchsvoller Jahrgang, gepr\u00e4gt von Fr\u00fchlingsfrost und einer feuchten, wechselhaften Saison. Dank Geduld und Aufmerksamkeit des Teams konnten die Trauben dennoch gut ausreifen. Die Weine sind pr\u00e4zise und elegant, im Stil \u00e4hnlich wie 2021 und sehr gut f\u00fcr die Lagerung geeignet.","og_url":"https:\/\/chambleau.ch\/de\/wein\/la-reserve-du-domaine\/","og_site_name":"Domaine de Chambleau","article_publisher":"https:\/\/www.facebook.com\/chambleau\/","article_modified_time":"2026-04-16T07:54:13+00:00","og_image":[{"width":2048,"height":1536,"url":"https:\/\/chambleau.ch\/wp-content\/uploads\/2023\/11\/10088_CHA_caisse_ouverte_vins-scaled.jpg","type":"image\/jpeg"}],"twitter_card":"summary_large_image","twitter_misc":{"Gesch\u00e4tzte Lesezeit":"2\u00a0Minuten"},"schema":{"@context":"https:\/\/schema.org","@graph":[{"@type":"WebPage","@id":"https:\/\/chambleau.ch\/de\/wein\/la-reserve-du-domaine\/","url":"https:\/\/chambleau.ch\/de\/wein\/la-reserve-du-domaine\/","name":"La R\u00e9serve du Domaine | Domaine de Chambleau","isPartOf":{"@id":"https:\/\/chambleau.ch\/de\/#website"},"primaryImageOfPage":{"@id":"https:\/\/chambleau.ch\/de\/wein\/la-reserve-du-domaine\/#primaryimage"},"image":{"@id":"https:\/\/chambleau.ch\/de\/wein\/la-reserve-du-domaine\/#primaryimage"},"thumbnailUrl":"https:\/\/chambleau.ch\/wp-content\/uploads\/2023\/11\/10088_CHA_caisse_ouverte_vins-scaled.jpg","datePublished":"2026-04-02T06:00:19+00:00","dateModified":"2026-04-16T07:54:13+00:00","breadcrumb":{"@id":"https:\/\/chambleau.ch\/de\/wein\/la-reserve-du-domaine\/#breadcrumb"},"inLanguage":"de","potentialAction":[{"@type":"ReadAction","target":["https:\/\/chambleau.ch\/de\/wein\/la-reserve-du-domaine\/"]}]},{"@type":"ImageObject","inLanguage":"de","@id":"https:\/\/chambleau.ch\/de\/wein\/la-reserve-du-domaine\/#primaryimage","url":"https:\/\/chambleau.ch\/wp-content\/uploads\/2023\/11\/10088_CHA_caisse_ouverte_vins-scaled.jpg","contentUrl":"https:\/\/chambleau.ch\/wp-content\/uploads\/2023\/11\/10088_CHA_caisse_ouverte_vins-scaled.jpg","width":2048,"height":1536},{"@type":"BreadcrumbList","@id":"https:\/\/chambleau.ch\/de\/wein\/la-reserve-du-domaine\/#breadcrumb","itemListElement":[{"@type":"ListItem","position":1,"name":"Accueil","item":"https:\/\/chambleau.ch\/de\/"},{"@type":"ListItem","position":2,"name":"La R\u00e9serve du Domaine"}]},{"@type":"WebSite","@id":"https:\/\/chambleau.ch\/de\/#website","url":"https:\/\/chambleau.ch\/de\/","name":"Domaine de Chambleau","description":"","potentialAction":[{"@type":"SearchAction","target":{"@type":"EntryPoint","urlTemplate":"https:\/\/chambleau.ch\/de\/?s={search_term_string}"},"query-input":{"@type":"PropertyValueSpecification","valueRequired":true,"valueName":"search_term_string"}}],"inLanguage":"de"}]}},"jetpack_sharing_enabled":true,"_links":{"self":[{"href":"https:\/\/chambleau.ch\/de\/wp-json\/wp\/v2\/product\/6227","targetHints":{"allow":["GET"]}}],"collection":[{"href":"https:\/\/chambleau.ch\/de\/wp-json\/wp\/v2\/product"}],"about":[{"href":"https:\/\/chambleau.ch\/de\/wp-json\/wp\/v2\/types\/product"}],"wp:featuredmedia":[{"embeddable":true,"href":"https:\/\/chambleau.ch\/de\/wp-json\/wp\/v2\/media\/4834"}],"wp:attachment":[{"href":"https:\/\/chambleau.ch\/de\/wp-json\/wp\/v2\/media?parent=6227"}],"wp:term":[{"taxonomy":"product_brand","embeddable":true,"href":"https:\/\/chambleau.ch\/de\/wp-json\/wp\/v2\/product_brand?post=6227"},{"taxonomy":"product_cat","embeddable":true,"href":"https:\/\/chambleau.ch\/de\/wp-json\/wp\/v2\/product_cat?post=6227"},{"taxonomy":"product_tag","embeddable":true,"href":"https:\/\/chambleau.ch\/de\/wp-json\/wp\/v2\/product_tag?post=6227"}],"curies":[{"name":"wp","href":"https:\/\/api.w.org\/{rel}","templated":true}]}}